{"version":"1.0","provider_name":"Gorica Info","provider_url":"https:\/\/gorica.info\/en","author_name":"Gorica. info","author_url":"https:\/\/gorica.info\/en\/author\/gorica-info\/","title":"Bo\u017ei\u0107na \u010destitka gradona\u010delnika Kre\u0161imira A\u010dkara sugra\u0111anima","type":"rich","width":600,"height":338,"html":"<blockquote class=\"wp-embedded-content\" data-secret=\"vuTXqu9aj8\"><a href=\"https:\/\/gorica.info\/en\/bozicna-cestitka-gradonacelnika-kresimira-ackara-sugradanima\/\">Bo\u017ei\u0107na \u010destitka gradona\u010delnika Kre\u0161imira A\u010dkara sugra\u0111anima<\/a><\/blockquote><iframe sandbox=\"allow-scripts\" security=\"restricted\" src=\"https:\/\/gorica.info\/en\/bozicna-cestitka-gradonacelnika-kresimira-ackara-sugradanima\/embed\/#?secret=vuTXqu9aj8\" width=\"600\" height=\"338\" title=\"&#8220;Bo\u017ei\u0107na \u010destitka gradona\u010delnika Kre\u0161imira A\u010dkara sugra\u0111anima&#8221; &#8212; Gorica Info\" data-secret=\"vuTXqu9aj8\" frameborder=\"0\" marginwidth=\"0\" marginheight=\"0\" scrolling=\"no\" class=\"wp-embedded-content\"><\/iframe><script type=\"text\/javascript\">\n\/* <![CDATA[ *\/\n\/*! This file is auto-generated *\/\n!function(d,l){\"use strict\";l.querySelector&&d.addEventListener&&\"undefined\"!=typeof URL&&(d.wp=d.wp||{},d.wp.receiveEmbedMessage||(d.wp.receiveEmbedMessage=function(e){var t=e.data;if((t||t.secret||t.message||t.value)&&!\/[^a-zA-Z0-9]\/.test(t.secret)){for(var s,r,n,a=l.querySelectorAll('iframe[data-secret=\"'+t.secret+'\"]'),o=l.querySelectorAll('blockquote[data-secret=\"'+t.secret+'\"]'),c=new RegExp(\"^https?:$\",\"i\"),i=0;i<o.length;i++)o[i].style.display=\"none\";for(i=0;i<a.length;i++)s=a[i],e.source===s.contentWindow&&(s.removeAttribute(\"style\"),\"height\"===t.message?(1e3<(r=parseInt(t.value,10))?r=1e3:~~r<200&&(r=200),s.height=r):\"link\"===t.message&&(r=new URL(s.getAttribute(\"src\")),n=new URL(t.value),c.test(n.protocol))&&n.host===r.host&&l.activeElement===s&&(d.top.location.href=t.value))}},d.addEventListener(\"message\",d.wp.receiveEmbedMessage,!1),l.addEventListener(\"DOMContentLoaded\",function(){for(var e,t,s=l.querySelectorAll(\"iframe.wp-embedded-content\"),r=0;r<s.length;r++)(t=(e=s[r]).getAttribute(\"data-secret\"))||(t=Math.random().toString(36).substring(2,12),e.src+=\"#?secret=\"+t,e.setAttribute(\"data-secret\",t)),e.contentWindow.postMessage({message:\"ready\",secret:t},\"*\")},!1)))}(window,document);\n\/\/# sourceURL=https:\/\/gorica.info\/wp-includes\/js\/wp-embed.min.js\n\/* ]]> *\/\n<\/script>","thumbnail_url":"https:\/\/gorica.info\/wp-content\/uploads\/2024\/12\/kresimir-ackar-dan-grada-1.jpg","thumbnail_width":1200,"thumbnail_height":800,"description":"Bo\u017ei\u0107na \u010destitka gradona\u010delnika Kre\u0161imira A\u010dkara sugra\u0111anima. Svima je po\u017eelio mir, ljubav, veselje i uspjeh u novoj godini."}